{"id":454,"date":"2023-03-28T11:01:57","date_gmt":"2023-03-28T11:01:57","guid":{"rendered":"https:\/\/www.batllepackaging.cat\/web\/politica-de-privacitat\/"},"modified":"2023-11-29T07:09:53","modified_gmt":"2023-11-29T07:09:53","slug":"politica-de-privacitat","status":"publish","type":"page","link":"https:\/\/www.batllepackaging.cat\/ca\/politica-de-privacitat\/","title":{"rendered":"Pol\u00edtica de privacitat"},"content":{"rendered":"\n<p>La confidencialitat i la seguretat s\u00f3n valors primordials de BATLLE PACKING SL i, en conseq\u00fc\u00e8ncia, assumim el comprom\u00eds de garantir la privacitat de l&#8217;usuari a tot moment i de no recaptar informaci\u00f3 innecess\u00e0ria sobre l&#8217;Usuari. A continuaci\u00f3, li proporcionem tota la informaci\u00f3 necess\u00e0ria sobre la nostra Pol\u00edtica de Privadesa en relaci\u00f3 amb les dades personals que recaptem, explicant-li:<\/p>\n\n<ul class=\"wp-block-list\">\n<li>Qui \u00e9s el responsable del tractament de les seves dades.<\/li>\n\n\n\n<li>Per quines finalitats recaptem les dades que li sol\u00b7licitem.<\/li>\n\n\n\n<li>Quina \u00e9s la legitimaci\u00f3 per al seu tractament.<\/li>\n\n\n\n<li>Durant quant temps les conservem.<\/li>\n\n\n\n<li>A quins destinataris es comuniquen les seves dades.<\/li>\n\n\n\n<li>Quins s\u00f3n els seus drets.<\/li>\n\n\n\n<li><strong>Responsable<\/strong>:<\/li>\n<\/ul>\n\n<p>BATLLE PACKING SLU<\/p>\n\n<p>Tel. +34 677 46 99 48<\/p>\n\n<p><a href=\"mailto:jordi@batllepackaging.com\">jordi@batllepackaging.com<\/a><\/p>\n\n<ul class=\"wp-block-list\">\n<li><strong>Finalitats, legitimaci\u00f3 i conservaci\u00f3 dels tractaments de les dades enviades a trav\u00e9s de:<\/strong><\/li>\n\n\n\n<li>ENVIAMENT DE CORREUS ELECTR\u00d2NICS.<\/li>\n<\/ul>\n\n<p><strong>Finalitat:<\/strong> Contestar a les seves sol\u00b7licituds d&#8217;informaci\u00f3, atendre les seves peticions i respondre les seves consultes o dubtes. <\/p>\n\n<p><strong>Legitimaci\u00f3:<\/strong> El consentiment de l&#8217;usuari en sol\u00b7licitar-nos informaci\u00f3 a trav\u00e9s de l&#8217;adre\u00e7a de correu electr\u00f2nic.<\/p>\n\n<p><strong>Conservaci\u00f3:<\/strong> Una vegada resolta la seva petici\u00f3 per correu electr\u00f2nic, si no ha generat un nou tractament.<\/p>\n\n<p><strong>Obligaci\u00f3 de facilitar-nos les seves dades personals i conseq\u00fc\u00e8ncies de no fer-ho.<\/strong><\/p>\n\n<p>El subministrament de dades personals requereix una edat m\u00ednima de 14 anys, o si escau, disposar de capacitat jur\u00eddica suficient per contractar.<\/p>\n\n<p>Les dades personals sol\u00b7licitades s\u00f3n necess\u00e0ries per gestionar les seves sol\u00b7licituds i\/o prestar-li els serveis que pugui contractar, per la qual cosa, si no ens les facilita, no podrem atendre-li correctament ni prestar-li el servei que ha sol\u00b7licitat.<\/p>\n\n<ul class=\"wp-block-list\">\n<li><strong>Destinataris de les seves dades<\/strong><\/li>\n<\/ul>\n\n<p>Les seves dades s\u00f3n confidencials i no se cediran a tercers, tret que existeixi obligaci\u00f3 legal.<\/p>\n\n<ul class=\"wp-block-list\">\n<li><strong>Drets en relaci\u00f3 amb les seves dades personals<\/strong><\/li>\n<\/ul>\n\n<p>Qualsevol persona pot retirar el seu consentiment en qualsevol moment, quan el mateix s&#8217;hagi atorgat per al tractament de les seves dades. En cap cas, la retirada d&#8217;aquest consentiment condiciona l&#8217;execuci\u00f3 del contracte de subscripci\u00f3 o les relacions generades amb anterioritat.<\/p>\n\n<p>Igualment, pot exercir els seg\u00fcents drets:<\/p>\n\n<p>On i com sol\u00b7licitar els seus Drets: Mitjan\u00e7ant un escrit dirigit al responsable a la seva adre\u00e7a postal o electr\u00f2nica (indicades a l&#8217;apartat A), indicant la referencia &#8220;Dades Personals&#8221;, especificant el dret que es vol exercir i respecte a quines dades personals.<\/p>\n\n<p>En cas de diverg\u00e8ncies amb l&#8217;empresa en relaci\u00f3 al tractament de les seves dades, pot presentar una reclamaci\u00f3 davant l&#8217;Autoritat de Protecci\u00f3 de Dades (<a href=\"http:\/\/www.agpd.es\/\">www.agpd.es<\/a>).<\/p>\n\n<ul class=\"wp-block-list\">\n<li><strong>Cookies<\/strong><\/li>\n<\/ul>\n\n<p>Aquesta p\u00e0gina web, \u00fanicament utilitza cookies t\u00e8cniques, de personalitzaci\u00f3 i an\u00e0lisi, pr\u00f2pies i de tercers (Google Analytics), que en cap cas tracten dades de car\u00e0cter personal ni capten h\u00e0bits de navegaci\u00f3 per a finalitats publicit\u00e0ries.<\/p>\n\n<p>Per aix\u00f2, en accedir a la nostra web, en compliment de l&#8217;article 22 de la Llei de Serveis de la Societat de la Informaci\u00f3, en tractar cookies d&#8217;an\u00e0lisi, li hem sol\u00b7licitat el seu consentiment per al seu \u00fas i facilitat informaci\u00f3 d&#8217;aquestes, que en tot cas s&#8217;instal\u00b7laran passat un termini de temps prudencial perqu\u00e8 l&#8217;usuari tingui temps de decidir prestar el seu consentiment o no.<\/p>\n\n<ul class=\"wp-block-list\">\n<li><strong>Seguretat de les seves dades personals<\/strong><\/li>\n<\/ul>\n\n<p>Amb l&#8217;objectiu de salvaguardar la seguretat de les seves dades personals, l&#8217;informem que hem adoptat totes les mesures d&#8217;\u00edndole t\u00e8cnica i organitzativa necess\u00e0ries per garantir la seguretat de les dades personals subministrades de la seva alteraci\u00f3, p\u00e8rdua, i tractaments o accessos no autoritzats.<\/p>\n\n<ul class=\"wp-block-list\">\n<li><strong>Actualitzaci\u00f3 de les seves dades<\/strong><\/li>\n<\/ul>\n\n<p>\u00c9s important que perqu\u00e8 puguem mantenir les seves dades personals actualitzades, ens informi sempre que hi hagi hagut alguna modificaci\u00f3 en elles, en cas contrari, no responem de la veracitat d&#8217;aquestes.<\/p>\n\n<p>No ens fem responsables de la pol\u00edtica de privadesa respecte a les dades personals que pugui facilitar a tercers per mitj\u00e0 dels enlla\u00e7os disponibles a la nostra p\u00e0gina web.<\/p>\n\n<p>La present Pol\u00edtica de Privadesa pot ser modificada per adaptar-la als canvis que es produeixin a la nostra web, aix\u00ed com modificacions legislatives o jurisprudencials sobre dades personals que vagin apareixent, per la qual cosa exigeix la seva lectura, cada vegada que ens faciliti les seves dades a trav\u00e9s d&#8217;aquesta Web.<\/p>\n","protected":false},"excerpt":{"rendered":"<p>La confidencialitat i la seguretat s\u00f3n valors primordials de BATLLE PACKING SL i, en conseq\u00fc\u00e8ncia, assumim el comprom\u00eds de garantir la privacitat de l&#8217;usuari a tot moment i de no recaptar informaci\u00f3 innecess\u00e0ria sobre l&#8217;Usuari. A continuaci\u00f3, li proporcionem tota la informaci\u00f3 necess\u00e0ria sobre la nostra Pol\u00edtica de Privadesa en relaci\u00f3 amb les dades personals [&hellip;]<\/p>\n","protected":false},"author":1,"featured_media":0,"parent":0,"menu_order":0,"comment_status":"closed","ping_status":"open","template":"","meta":{"_joinchat":[],"footnotes":""},"class_list":["post-454","page","type-page","status-publish","hentry"],"yoast_head":"<!-- This site is optimized with the Yoast SEO plugin v26.9 - https:\/\/yoast.com\/product\/yoast-seo-wordpress\/ -->\n<title>Pol\u00edtica de privacitat - Batlle Packaging<\/title>\n<meta name=\"robots\" content=\"index, follow, max-snippet:-1, max-image-preview:large, max-video-preview:-1\" \/>\n<link rel=\"canonical\" href=\"https:\/\/www.batllepackaging.cat\/ca\/politica-de-privacitat\/\" \/>\n<meta property=\"og:locale\" content=\"ca_ES\" \/>\n<meta property=\"og:type\" content=\"article\" \/>\n<meta property=\"og:title\" content=\"Pol\u00edtica de privacitat - Batlle Packaging\" \/>\n<meta property=\"og:description\" content=\"La confidencialitat i la seguretat s\u00f3n valors primordials de BATLLE PACKING SL i, en conseq\u00fc\u00e8ncia, assumim el comprom\u00eds de garantir la privacitat de l&#8217;usuari a tot moment i de no recaptar informaci\u00f3 innecess\u00e0ria sobre l&#8217;Usuari. A continuaci\u00f3, li proporcionem tota la informaci\u00f3 necess\u00e0ria sobre la nostra Pol\u00edtica de Privadesa en relaci\u00f3 amb les dades personals [&hellip;]\" \/>\n<meta property=\"og:url\" content=\"https:\/\/www.batllepackaging.cat\/ca\/politica-de-privacitat\/\" \/>\n<meta property=\"og:site_name\" content=\"Batlle Packaging\" \/>\n<meta property=\"article:modified_time\" content=\"2023-11-29T07:09:53+00:00\" \/>\n<meta name=\"twitter:card\" content=\"summary_large_image\" \/>\n<meta name=\"twitter:label1\" content=\"Temps estimat de lectura\" \/>\n\t<meta name=\"twitter:data1\" content=\"4 minuts\" \/>\n<script type=\"application\/ld+json\" class=\"yoast-schema-graph\">{\"@context\":\"https:\/\/schema.org\",\"@graph\":[{\"@type\":\"WebPage\",\"@id\":\"https:\/\/www.batllepackaging.cat\/ca\/politica-de-privacitat\/\",\"url\":\"https:\/\/www.batllepackaging.cat\/ca\/politica-de-privacitat\/\",\"name\":\"Pol\u00edtica de privacitat - Batlle Packaging\",\"isPartOf\":{\"@id\":\"https:\/\/www.batllepackaging.cat\/#website\"},\"datePublished\":\"2023-03-28T11:01:57+00:00\",\"dateModified\":\"2023-11-29T07:09:53+00:00\",\"breadcrumb\":{\"@id\":\"https:\/\/www.batllepackaging.cat\/ca\/politica-de-privacitat\/#breadcrumb\"},\"inLanguage\":\"ca\",\"potentialAction\":[{\"@type\":\"ReadAction\",\"target\":[\"https:\/\/www.batllepackaging.cat\/ca\/politica-de-privacitat\/\"]}]},{\"@type\":\"BreadcrumbList\",\"@id\":\"https:\/\/www.batllepackaging.cat\/ca\/politica-de-privacitat\/#breadcrumb\",\"itemListElement\":[{\"@type\":\"ListItem\",\"position\":1,\"name\":\"Portada\",\"item\":\"https:\/\/www.batllepackaging.cat\/\"},{\"@type\":\"ListItem\",\"position\":2,\"name\":\"Pol\u00edtica de privacitat\"}]},{\"@type\":\"WebSite\",\"@id\":\"https:\/\/www.batllepackaging.cat\/#website\",\"url\":\"https:\/\/www.batllepackaging.cat\/\",\"name\":\"Batlle Packaging\",\"description\":\"\",\"publisher\":{\"@id\":\"https:\/\/www.batllepackaging.cat\/#organization\"},\"potentialAction\":[{\"@type\":\"SearchAction\",\"target\":{\"@type\":\"EntryPoint\",\"urlTemplate\":\"https:\/\/www.batllepackaging.cat\/?s={search_term_string}\"},\"query-input\":{\"@type\":\"PropertyValueSpecification\",\"valueRequired\":true,\"valueName\":\"search_term_string\"}}],\"inLanguage\":\"ca\"},{\"@type\":\"Organization\",\"@id\":\"https:\/\/www.batllepackaging.cat\/#organization\",\"name\":\"Batlle Packaging\",\"url\":\"https:\/\/www.batllepackaging.cat\/\",\"logo\":{\"@type\":\"ImageObject\",\"inLanguage\":\"ca\",\"@id\":\"https:\/\/www.batllepackaging.cat\/#\/schema\/logo\/image\/\",\"url\":\"https:\/\/www.batllepackaging.cat\/web\/wp-content\/uploads\/2023\/03\/logoBatllePackaging.png\",\"contentUrl\":\"https:\/\/www.batllepackaging.cat\/web\/wp-content\/uploads\/2023\/03\/logoBatllePackaging.png\",\"width\":1444,\"height\":252,\"caption\":\"Batlle Packaging\"},\"image\":{\"@id\":\"https:\/\/www.batllepackaging.cat\/#\/schema\/logo\/image\/\"}}]}<\/script>\n<!-- \/ Yoast SEO plugin. -->","yoast_head_json":{"title":"Pol\u00edtica de privacitat - Batlle Packaging","robots":{"index":"index","follow":"follow","max-snippet":"max-snippet:-1","max-image-preview":"max-image-preview:large","max-video-preview":"max-video-preview:-1"},"canonical":"https:\/\/www.batllepackaging.cat\/ca\/politica-de-privacitat\/","og_locale":"ca_ES","og_type":"article","og_title":"Pol\u00edtica de privacitat - Batlle Packaging","og_description":"La confidencialitat i la seguretat s\u00f3n valors primordials de BATLLE PACKING SL i, en conseq\u00fc\u00e8ncia, assumim el comprom\u00eds de garantir la privacitat de l&#8217;usuari a tot moment i de no recaptar informaci\u00f3 innecess\u00e0ria sobre l&#8217;Usuari. A continuaci\u00f3, li proporcionem tota la informaci\u00f3 necess\u00e0ria sobre la nostra Pol\u00edtica de Privadesa en relaci\u00f3 amb les dades personals [&hellip;]","og_url":"https:\/\/www.batllepackaging.cat\/ca\/politica-de-privacitat\/","og_site_name":"Batlle Packaging","article_modified_time":"2023-11-29T07:09:53+00:00","twitter_card":"summary_large_image","twitter_misc":{"Temps estimat de lectura":"4 minuts"},"schema":{"@context":"https:\/\/schema.org","@graph":[{"@type":"WebPage","@id":"https:\/\/www.batllepackaging.cat\/ca\/politica-de-privacitat\/","url":"https:\/\/www.batllepackaging.cat\/ca\/politica-de-privacitat\/","name":"Pol\u00edtica de privacitat - Batlle Packaging","isPartOf":{"@id":"https:\/\/www.batllepackaging.cat\/#website"},"datePublished":"2023-03-28T11:01:57+00:00","dateModified":"2023-11-29T07:09:53+00:00","breadcrumb":{"@id":"https:\/\/www.batllepackaging.cat\/ca\/politica-de-privacitat\/#breadcrumb"},"inLanguage":"ca","potentialAction":[{"@type":"ReadAction","target":["https:\/\/www.batllepackaging.cat\/ca\/politica-de-privacitat\/"]}]},{"@type":"BreadcrumbList","@id":"https:\/\/www.batllepackaging.cat\/ca\/politica-de-privacitat\/#breadcrumb","itemListElement":[{"@type":"ListItem","position":1,"name":"Portada","item":"https:\/\/www.batllepackaging.cat\/"},{"@type":"ListItem","position":2,"name":"Pol\u00edtica de privacitat"}]},{"@type":"WebSite","@id":"https:\/\/www.batllepackaging.cat\/#website","url":"https:\/\/www.batllepackaging.cat\/","name":"Batlle Packaging","description":"","publisher":{"@id":"https:\/\/www.batllepackaging.cat\/#organization"},"potentialAction":[{"@type":"SearchAction","target":{"@type":"EntryPoint","urlTemplate":"https:\/\/www.batllepackaging.cat\/?s={search_term_string}"},"query-input":{"@type":"PropertyValueSpecification","valueRequired":true,"valueName":"search_term_string"}}],"inLanguage":"ca"},{"@type":"Organization","@id":"https:\/\/www.batllepackaging.cat\/#organization","name":"Batlle Packaging","url":"https:\/\/www.batllepackaging.cat\/","logo":{"@type":"ImageObject","inLanguage":"ca","@id":"https:\/\/www.batllepackaging.cat\/#\/schema\/logo\/image\/","url":"https:\/\/www.batllepackaging.cat\/web\/wp-content\/uploads\/2023\/03\/logoBatllePackaging.png","contentUrl":"https:\/\/www.batllepackaging.cat\/web\/wp-content\/uploads\/2023\/03\/logoBatllePackaging.png","width":1444,"height":252,"caption":"Batlle Packaging"},"image":{"@id":"https:\/\/www.batllepackaging.cat\/#\/schema\/logo\/image\/"}}]}},"_links":{"self":[{"href":"https:\/\/www.batllepackaging.cat\/ca\/wp-json\/wp\/v2\/pages\/454","targetHints":{"allow":["GET"]}}],"collection":[{"href":"https:\/\/www.batllepackaging.cat\/ca\/wp-json\/wp\/v2\/pages"}],"about":[{"href":"https:\/\/www.batllepackaging.cat\/ca\/wp-json\/wp\/v2\/types\/page"}],"author":[{"embeddable":true,"href":"https:\/\/www.batllepackaging.cat\/ca\/wp-json\/wp\/v2\/users\/1"}],"replies":[{"embeddable":true,"href":"https:\/\/www.batllepackaging.cat\/ca\/wp-json\/wp\/v2\/comments?post=454"}],"version-history":[{"count":5,"href":"https:\/\/www.batllepackaging.cat\/ca\/wp-json\/wp\/v2\/pages\/454\/revisions"}],"predecessor-version":[{"id":673,"href":"https:\/\/www.batllepackaging.cat\/ca\/wp-json\/wp\/v2\/pages\/454\/revisions\/673"}],"wp:attachment":[{"href":"https:\/\/www.batllepackaging.cat\/ca\/wp-json\/wp\/v2\/media?parent=454"}],"curies":[{"name":"wp","href":"https:\/\/api.w.org\/{rel}","templated":true}]}}