{"id":446,"date":"2023-04-28T08:27:15","date_gmt":"2023-04-28T08:27:15","guid":{"rendered":"https:\/\/www.batllepackaging.cat\/web\/avis-legal\/"},"modified":"2023-11-29T07:04:28","modified_gmt":"2023-11-29T07:04:28","slug":"avis-legal","status":"publish","type":"page","link":"https:\/\/www.batllepackaging.cat\/ca\/avis-legal\/","title":{"rendered":"Av\u00eds legal"},"content":{"rendered":"\n<p>Aquesta p\u00e0gina Web \u00e9s propietat de <strong>BATLLE PACKING SLU<\/strong>, (en endavant <a>BATLLE PACKING<\/a>).<\/p>\n\n<p>Per a qualsevol consulta o proposta, o per a obtenir m\u00e9s informaci\u00f3 sobre les dades fiscals i\/o socials del titular de l&#8217;activitat, contacti&#8217;ns contacti\u2019ns trucant al tel\u00e8fon +34 677 46 99 48 o en el e-mail <a href=\"mailto:jordi@batllepackaging.com\">jordi@batllepackaging.com<\/a>.<\/p>\n\n<p>Aquesta p\u00e0gina web es regeix per la normativa exclusivament aplicable a Espanya, i hi queden sotmesos tant nacionals com estrangers que utilitzin aquesta web.<\/p>\n\n<p>L\u2019acc\u00e9s a la nostra p\u00e0gina web per part de la PERSONA USU\u00c0RIA \u00e9s gratu\u00eft i est\u00e0 condicionat a la lectura pr\u00e8via i l\u2019acceptaci\u00f3 \u00cdntegra, expressa i sense reserves d\u2019aquestes CONDICIONS GENERALS D\u2019\u00daS vigents en el moment de l\u2019acc\u00e9s, que preguem que llegiu detingudament. La PERSONA USU\u00c0RIA, en el moment que utilitza el nostre portal, els seus continguts o serveis, accepta i se sotmet expressament a les seves Condicions generals d\u2019\u00fas. Si la PERSONA USU\u00c0RIA no estigu\u00e9s d\u2019acord amb aquestes condicions d\u2019\u00fas, ha d\u2019abstenir-se d\u2019utilitzar aquest portal i d\u2019operar per mitj\u00e0 d\u2019ell.<\/p>\n\n<p>El subministrament de dades personals a trav\u00e9s del nostre portal requereix una edat m\u00ednima de 14 anys o, si escau, disposar de prou capacitat jur\u00eddica per contractar.<\/p>\n\n<p>En qualsevol moment podrem modificar la presentaci\u00f3 i configuraci\u00f3 de la nostra web, ampliar o reduir serveis, i fins i tot suprimir-la de la xarxa, igual com els serveis i continguts prestats, i tot de manera unilateral i sense av\u00eds previ.<\/p>\n\n<p><strong>A. PROPIETAT INTEL\u00b7LECTUAL<\/strong><\/p>\n\n<p>Tots els continguts, textos, imatges i codis font s\u00f3n propietat de BATLLE PACKAGING o de tercers als quals s\u2019han adquirit els seus drets d\u2019explotaci\u00f3, i estan protegits pels drets de propietat intel\u00b7lectual i industrial.<\/p>\n\n<p>La PERSONA USU\u00c0RIA \u00fanicament t\u00e9 dret a usar-los privadament, sense \u00e0nim de lucre, i necessita autoritzaci\u00f3 expressa per modificar-los, reproduir-los, explotar-los, distribuir-los o exercir qualsevol dret pertanyent al seu titular.<\/p>\n\n<p>BATLLE PACKING \u00e9s una marca, i est\u00e0 prohibida la reproducci\u00f3, imitaci\u00f3, utilitzaci\u00f3 o inserci\u00f3 d\u2019aquestes marques sense la nostra deguda autoritzaci\u00f3.<\/p>\n\n<p>L\u2019establiment d\u2019enlla\u00e7os al nostre portal no confereix cap dret sobre aquest. Igualment, el simple fet d\u2019establir un enlla\u00e7 a la nostra p\u00e0gina web no dona dret a atorgar-se la categoria de col\u00b7laborador o soci.<\/p>\n\n<p>BATLLE PACKING queda exonerat de responsabilitat per qualsevol reclamaci\u00f3 respecte als drets de propietat intel\u00b7lectual dels articles i imatges publicades per tercers al seu portal.<\/p>\n\n<p>\u00c9s absolutament prohibida la imitaci\u00f3 tant total com parcial del nostre portal o l\u2019establiment d\u2019enlla\u00e7os a la nostra p\u00e0gina web sense l\u2019autoritzaci\u00f3 pr\u00e8via de BATLLE PACKING.<\/p>\n\n<p><strong>B. CONDICIONS D\u2019ACC\u00c9S I \u00daS<\/strong><\/p>\n\n<p>L\u2019acc\u00e9s a la nostra p\u00e0gina web \u00e9s gratu\u00eft i no exigeix subscripci\u00f3 o registre previ. Tanmateix, determinats serveis s\u00f3n d\u2019acc\u00e9s restringit a determinats usuaris i requereixen haver fet un proc\u00e9s de registre i\/o la identificaci\u00f3 mitjan\u00e7ant contrasenyes. Aquests serveis seran degudament identificats a la web.<\/p>\n\n<p>La tramesa de dades personals implica l\u2019acceptaci\u00f3 expressa per part de la PERSONA USU\u00c0RIA de la nostra pol\u00edtica de privacitat.<\/p>\n\n<p>La PERSONA USU\u00c0RIA ha d\u2019accedir a la nostra p\u00e0gina web conforme a la bona fe, les normes d\u2019ordre p\u00fablic i aquestes Condicions generals d\u2019\u00fas. L\u2019acc\u00e9s al nostre lloc web es fa sota la pr\u00f2pia i exclusiva responsabilitat de la PERSONA USU\u00c0RIA, que respondr\u00e0, si escau, dels danys i perjudicis que pugui causar a tercers o a nosaltres mateixos.<\/p>\n\n<p>La PERSONA USU\u00c0RIA t\u00e9 expressament prohibida la utilitzaci\u00f3 i obtenci\u00f3 dels serveis i continguts oferts en aquesta p\u00e0gina web per procediments diferents dels estipulats en aquestes condicions d\u2019\u00fas.<\/p>\n\n<p>La PERSONA USU\u00c0RIA t\u00e9 prohibida qualsevol mena d\u2019acci\u00f3 sobre el nostre portal que origini una excessiva sobrec\u00e0rrega de funcionament als nostres sistemes inform\u00e0tics, igual com la introducci\u00f3 de virus, o instal\u00b7laci\u00f3 de robots, o programari que alteri el normal funcionament de la nostra web, o en definitiva pugui causar danys als nostres sistemes inform\u00e0tics.<\/p>\n\n<p>Tenint en compte la impossibilitat de control pel que fa a la informaci\u00f3, continguts i serveis que continguin p\u00e0gines webs de tercers disponibles des de la nostra p\u00e0gina web, li comuniquem que BATLLE PACKING no es fa responsable dels mateixos, sense perjudici de que intentar\u00e0, en la mesura del possible, vetllar per la seva legalitat.<\/p>\n\n<p>BATLLE PACKING es reserva el dret a donar de baixa a qualsevol PERSONA USU\u00c0RIA que l\u2019organitzaci\u00f3 entengui que ha vulnerat les condiciones que regeixen l\u2019\u00fas de la nostra p\u00e0gina web. Aix\u00ed mateix, es reserva el dret d\u2019exercitar les accions legals oportunes contra aquells que vulneren les presents condicions generals d\u2019\u00fas.<\/p>\n\n<p><strong>C. POL\u00cdTICA DE PRIVACITAT<\/strong><\/p>\n\n<p>La confidencialitat i la seguretat s\u00f3n valors primordials de BATLLE PACKING i, en conseq\u00fc\u00e8ncia, assumim el comprom\u00eds de garantir la privacitat de la PERSONA USU\u00c0RIA en tot moment i de no recaptar informaci\u00f3 innecess\u00e0ria.<\/p>\n\n<p>El subministrament de dades personals a trav\u00e9s del nostre portal requereix una edat m\u00ednima de 14 anys i l\u2019acceptaci\u00f3 expressa de la nostra Pol\u00edtica de privacitat.<\/p>\n\n<p><strong>D. RESPONSABILITATS<\/strong><\/p>\n\n<p>En posar a disposici\u00f3 de la PERSONA USU\u00c0RIA aquesta p\u00e0gina web volem oferir-li un servei de qualitat, amb la m\u00e0xima dilig\u00e8ncia en el moment de prestar-lo, i tamb\u00e9 en els mitjans tecnol\u00f2gics utilitzats. No obstant aix\u00f2, BATLLE PACKING no garanteix que la disponibilitat del servei sigui continua i ininterrompuda, per circumst\u00e0ncies originades per problemes a la xarxa d\u2019internet, averies en els dispositius inform\u00e0tics o altres circumst\u00e0ncies imprevisibles, de manera que la PERSONA USU\u00c0RIA accepta suportar dins uns l\u00edmits raonables aquestes circumst\u00e0ncies.<\/p>\n\n<p>Aquesta p\u00e0gina web, excepte all\u00f2 regulat, si escau, per algunes condicions d&#8217;\u00fas espec\u00edfiques, \u00e9s purament informativa i de presentaci\u00f3 corporativa dels nostres productes i serveis, per la qual cosa BATLLE PACKING no es responsabilitza per les expectatives de qualsevol tipus que pugui generar la PERSONA USU\u00c0RIA.<\/p>\n\n<p>Tot el que fa refer\u00e8ncia a la nostra p\u00e0gina web es regeix exclusivament per les lleis espanyoles. En el cas que es produeixi qualsevol mena de discrep\u00e0ncia o difer\u00e8ncia entre les parts en relaci\u00f3 amb la interpretaci\u00f3 i contingut d\u2019aquesta p\u00e0gina web, totes les parts se sotmeten als jutjats i tribunals que legalment corresponguin.<\/p>\n\n<p><strong>E. VIG\u00c8NCIA DE LES CONDICIONS GENERALS D\u2019ACC\u00c9S A LA WEB<\/strong><\/p>\n\n<p>Aquestes Condicions generals d\u2019\u00fas han estat modificades el dia <strong>27\/04\/2023.<\/strong> En qualsevol moment podem modificar-les. Si us plau, comproveu la data d\u2019emissi\u00f3 cada vegada que us connecteu a la nostra p\u00e0gina web i aix\u00ed tindreu la certesa que no s\u2019ha produ\u00eft cap modificaci\u00f3 que us afecti.<\/p>\n\n<p>Per a qualsevol q\u00fcesti\u00f3 respecte a les condicions d\u2019\u00fas de la nostra p\u00e0gina web, podeu posar-vos en contacte amb nosaltres usant les dades indicades m\u00e9s amunt, o amb Lant Abogados a <a href=\"mailto:info@lant-abogados.com\">info@lant-abogados.com<\/a> o a <a href=\"https:\/\/www.lant-abogados.com\/\">https:\/\/www.lant-abogados.com\/<\/a>.<\/p>\n","protected":false},"excerpt":{"rendered":"<p>Aquesta p\u00e0gina Web \u00e9s propietat de BATLLE PACKING SLU, (en endavant BATLLE PACKING). Per a qualsevol consulta o proposta, o per a obtenir m\u00e9s informaci\u00f3 sobre les dades fiscals i\/o socials del titular de l&#8217;activitat, contacti&#8217;ns contacti\u2019ns trucant al tel\u00e8fon +34 677 46 99 48 o en el e-mail jordi@batllepackaging.com. Aquesta p\u00e0gina web es regeix [&hellip;]<\/p>\n","protected":false},"author":3,"featured_media":0,"parent":0,"menu_order":0,"comment_status":"closed","ping_status":"closed","template":"","meta":{"_joinchat":[],"footnotes":""},"class_list":["post-446","page","type-page","status-publish","hentry"],"yoast_head":"<!-- This site is optimized with the Yoast SEO plugin v26.9 - https:\/\/yoast.com\/product\/yoast-seo-wordpress\/ -->\n<title>Av\u00eds legal - Batlle Packaging<\/title>\n<meta name=\"robots\" content=\"index, follow, max-snippet:-1, max-image-preview:large, max-video-preview:-1\" \/>\n<link rel=\"canonical\" href=\"https:\/\/www.batllepackaging.cat\/ca\/avis-legal\/\" \/>\n<meta property=\"og:locale\" content=\"ca_ES\" \/>\n<meta property=\"og:type\" content=\"article\" \/>\n<meta property=\"og:title\" content=\"Av\u00eds legal - Batlle Packaging\" \/>\n<meta property=\"og:description\" content=\"Aquesta p\u00e0gina Web \u00e9s propietat de BATLLE PACKING SLU, (en endavant BATLLE PACKING). Per a qualsevol consulta o proposta, o per a obtenir m\u00e9s informaci\u00f3 sobre les dades fiscals i\/o socials del titular de l&#8217;activitat, contacti&#8217;ns contacti\u2019ns trucant al tel\u00e8fon +34 677 46 99 48 o en el e-mail jordi@batllepackaging.com. Aquesta p\u00e0gina web es regeix [&hellip;]\" \/>\n<meta property=\"og:url\" content=\"https:\/\/www.batllepackaging.cat\/ca\/avis-legal\/\" \/>\n<meta property=\"og:site_name\" content=\"Batlle Packaging\" \/>\n<meta property=\"article:modified_time\" content=\"2023-11-29T07:04:28+00:00\" \/>\n<meta name=\"twitter:card\" content=\"summary_large_image\" \/>\n<meta name=\"twitter:label1\" content=\"Temps estimat de lectura\" \/>\n\t<meta name=\"twitter:data1\" content=\"6 minuts\" \/>\n<script type=\"application\/ld+json\" class=\"yoast-schema-graph\">{\"@context\":\"https:\/\/schema.org\",\"@graph\":[{\"@type\":\"WebPage\",\"@id\":\"https:\/\/www.batllepackaging.cat\/ca\/avis-legal\/\",\"url\":\"https:\/\/www.batllepackaging.cat\/ca\/avis-legal\/\",\"name\":\"Av\u00eds legal - Batlle Packaging\",\"isPartOf\":{\"@id\":\"https:\/\/www.batllepackaging.cat\/#website\"},\"datePublished\":\"2023-04-28T08:27:15+00:00\",\"dateModified\":\"2023-11-29T07:04:28+00:00\",\"breadcrumb\":{\"@id\":\"https:\/\/www.batllepackaging.cat\/ca\/avis-legal\/#breadcrumb\"},\"inLanguage\":\"ca\",\"potentialAction\":[{\"@type\":\"ReadAction\",\"target\":[\"https:\/\/www.batllepackaging.cat\/ca\/avis-legal\/\"]}]},{\"@type\":\"BreadcrumbList\",\"@id\":\"https:\/\/www.batllepackaging.cat\/ca\/avis-legal\/#breadcrumb\",\"itemListElement\":[{\"@type\":\"ListItem\",\"position\":1,\"name\":\"Portada\",\"item\":\"https:\/\/www.batllepackaging.cat\/\"},{\"@type\":\"ListItem\",\"position\":2,\"name\":\"Av\u00eds legal\"}]},{\"@type\":\"WebSite\",\"@id\":\"https:\/\/www.batllepackaging.cat\/#website\",\"url\":\"https:\/\/www.batllepackaging.cat\/\",\"name\":\"Batlle Packaging\",\"description\":\"\",\"publisher\":{\"@id\":\"https:\/\/www.batllepackaging.cat\/#organization\"},\"potentialAction\":[{\"@type\":\"SearchAction\",\"target\":{\"@type\":\"EntryPoint\",\"urlTemplate\":\"https:\/\/www.batllepackaging.cat\/?s={search_term_string}\"},\"query-input\":{\"@type\":\"PropertyValueSpecification\",\"valueRequired\":true,\"valueName\":\"search_term_string\"}}],\"inLanguage\":\"ca\"},{\"@type\":\"Organization\",\"@id\":\"https:\/\/www.batllepackaging.cat\/#organization\",\"name\":\"Batlle Packaging\",\"url\":\"https:\/\/www.batllepackaging.cat\/\",\"logo\":{\"@type\":\"ImageObject\",\"inLanguage\":\"ca\",\"@id\":\"https:\/\/www.batllepackaging.cat\/#\/schema\/logo\/image\/\",\"url\":\"https:\/\/www.batllepackaging.cat\/web\/wp-content\/uploads\/2023\/03\/logoBatllePackaging.png\",\"contentUrl\":\"https:\/\/www.batllepackaging.cat\/web\/wp-content\/uploads\/2023\/03\/logoBatllePackaging.png\",\"width\":1444,\"height\":252,\"caption\":\"Batlle Packaging\"},\"image\":{\"@id\":\"https:\/\/www.batllepackaging.cat\/#\/schema\/logo\/image\/\"}}]}<\/script>\n<!-- \/ Yoast SEO plugin. -->","yoast_head_json":{"title":"Av\u00eds legal - Batlle Packaging","robots":{"index":"index","follow":"follow","max-snippet":"max-snippet:-1","max-image-preview":"max-image-preview:large","max-video-preview":"max-video-preview:-1"},"canonical":"https:\/\/www.batllepackaging.cat\/ca\/avis-legal\/","og_locale":"ca_ES","og_type":"article","og_title":"Av\u00eds legal - Batlle Packaging","og_description":"Aquesta p\u00e0gina Web \u00e9s propietat de BATLLE PACKING SLU, (en endavant BATLLE PACKING). Per a qualsevol consulta o proposta, o per a obtenir m\u00e9s informaci\u00f3 sobre les dades fiscals i\/o socials del titular de l&#8217;activitat, contacti&#8217;ns contacti\u2019ns trucant al tel\u00e8fon +34 677 46 99 48 o en el e-mail jordi@batllepackaging.com. Aquesta p\u00e0gina web es regeix [&hellip;]","og_url":"https:\/\/www.batllepackaging.cat\/ca\/avis-legal\/","og_site_name":"Batlle Packaging","article_modified_time":"2023-11-29T07:04:28+00:00","twitter_card":"summary_large_image","twitter_misc":{"Temps estimat de lectura":"6 minuts"},"schema":{"@context":"https:\/\/schema.org","@graph":[{"@type":"WebPage","@id":"https:\/\/www.batllepackaging.cat\/ca\/avis-legal\/","url":"https:\/\/www.batllepackaging.cat\/ca\/avis-legal\/","name":"Av\u00eds legal - Batlle Packaging","isPartOf":{"@id":"https:\/\/www.batllepackaging.cat\/#website"},"datePublished":"2023-04-28T08:27:15+00:00","dateModified":"2023-11-29T07:04:28+00:00","breadcrumb":{"@id":"https:\/\/www.batllepackaging.cat\/ca\/avis-legal\/#breadcrumb"},"inLanguage":"ca","potentialAction":[{"@type":"ReadAction","target":["https:\/\/www.batllepackaging.cat\/ca\/avis-legal\/"]}]},{"@type":"BreadcrumbList","@id":"https:\/\/www.batllepackaging.cat\/ca\/avis-legal\/#breadcrumb","itemListElement":[{"@type":"ListItem","position":1,"name":"Portada","item":"https:\/\/www.batllepackaging.cat\/"},{"@type":"ListItem","position":2,"name":"Av\u00eds legal"}]},{"@type":"WebSite","@id":"https:\/\/www.batllepackaging.cat\/#website","url":"https:\/\/www.batllepackaging.cat\/","name":"Batlle Packaging","description":"","publisher":{"@id":"https:\/\/www.batllepackaging.cat\/#organization"},"potentialAction":[{"@type":"SearchAction","target":{"@type":"EntryPoint","urlTemplate":"https:\/\/www.batllepackaging.cat\/?s={search_term_string}"},"query-input":{"@type":"PropertyValueSpecification","valueRequired":true,"valueName":"search_term_string"}}],"inLanguage":"ca"},{"@type":"Organization","@id":"https:\/\/www.batllepackaging.cat\/#organization","name":"Batlle Packaging","url":"https:\/\/www.batllepackaging.cat\/","logo":{"@type":"ImageObject","inLanguage":"ca","@id":"https:\/\/www.batllepackaging.cat\/#\/schema\/logo\/image\/","url":"https:\/\/www.batllepackaging.cat\/web\/wp-content\/uploads\/2023\/03\/logoBatllePackaging.png","contentUrl":"https:\/\/www.batllepackaging.cat\/web\/wp-content\/uploads\/2023\/03\/logoBatllePackaging.png","width":1444,"height":252,"caption":"Batlle Packaging"},"image":{"@id":"https:\/\/www.batllepackaging.cat\/#\/schema\/logo\/image\/"}}]}},"_links":{"self":[{"href":"https:\/\/www.batllepackaging.cat\/ca\/wp-json\/wp\/v2\/pages\/446","targetHints":{"allow":["GET"]}}],"collection":[{"href":"https:\/\/www.batllepackaging.cat\/ca\/wp-json\/wp\/v2\/pages"}],"about":[{"href":"https:\/\/www.batllepackaging.cat\/ca\/wp-json\/wp\/v2\/types\/page"}],"author":[{"embeddable":true,"href":"https:\/\/www.batllepackaging.cat\/ca\/wp-json\/wp\/v2\/users\/3"}],"replies":[{"embeddable":true,"href":"https:\/\/www.batllepackaging.cat\/ca\/wp-json\/wp\/v2\/comments?post=446"}],"version-history":[{"count":8,"href":"https:\/\/www.batllepackaging.cat\/ca\/wp-json\/wp\/v2\/pages\/446\/revisions"}],"predecessor-version":[{"id":668,"href":"https:\/\/www.batllepackaging.cat\/ca\/wp-json\/wp\/v2\/pages\/446\/revisions\/668"}],"wp:attachment":[{"href":"https:\/\/www.batllepackaging.cat\/ca\/wp-json\/wp\/v2\/media?parent=446"}],"curies":[{"name":"wp","href":"https:\/\/api.w.org\/{rel}","templated":true}]}}